{"id":3599,"date":"2024-09-25T12:42:44","date_gmt":"2024-09-25T11:42:44","guid":{"rendered":"https:\/\/haus-schulenburg-gera.de\/guide-du-musee\/entree-du-portail\/"},"modified":"2024-11-27T07:38:01","modified_gmt":"2024-11-27T06:38:01","slug":"entree-du-portail","status":"publish","type":"page","link":"https:\/\/haus-schulenburg-gera.de\/fr\/guide-du-musee\/entree-du-portail\/","title":{"rendered":"Entr\u00e9e du portail"},"content":{"rendered":"<p>[et_pb_section fb_built=\u00a0\u00bb1&Prime; custom_padding_last_edited=\u00a0\u00bbon|phone\u00a0\u00bb _builder_version=\u00a0\u00bb4.24.0&Prime; _module_preset=\u00a0\u00bbdefault\u00a0\u00bb custom_padding_tablet=\u00a0\u00bb\u00a0\u00bb custom_padding_phone=\u00a0\u00bb0px||||false|false\u00a0\u00bb global_colors_info=\u00a0\u00bb{}\u00a0\u00bb][et_pb_row _builder_version=\u00a0\u00bb4.24.0&Prime; _module_preset=\u00a0\u00bbdefault\u00a0\u00bb max_width=\u00a0\u00bb650px\u00a0\u00bb custom_padding=\u00a0\u00bb||||false|false\u00a0\u00bb global_colors_info=\u00a0\u00bb{}\u00a0\u00bb][et_pb_column type=\u00a0\u00bb4_4&Prime; _builder_version=\u00a0\u00bb4.24.0&Prime; _module_preset=\u00a0\u00bbdefault\u00a0\u00bb global_colors_info=\u00a0\u00bb{}\u00a0\u00bb][et_pb_heading title=\u00a0\u00bbPassage de la porte &#8211; Maison Schulenburg \u00a0\u00bb _builder_version=\u00a0\u00bb4.24.0&Prime; _module_preset=\u00a0\u00bbdefault\u00a0\u00bb global_colors_info=\u00a0\u00bb{}\u00a0\u00bb][\/et_pb_heading][et_pb_code _builder_version=\u00a0\u00bb4.24.0&Prime; _module_preset=\u00a0\u00bbdefault\u00a0\u00bb global_colors_info=\u00a0\u00bb{}\u00a0\u00bb][gspeech type=\u00a0\u00bbbutton\u00a0\u00bb][\/et_pb_code][et_pb_image src=\u00a0\u00bbhttps:\/\/haus-schulenburg-gera.de\/wp-content\/uploads\/2024\/10\/Sprachhinweis3.png\u00a0\u00bb title_text=\u00a0\u00bbRemarque sur le commutateur de langue\u00a0\u00bb _builder_version=\u00a0\u00bb4.24.0&Prime; _module_preset=\u00a0\u00bbdefault\u00a0\u00bb global_colors_info=\u00a0\u00bb{}\u00a0\u00bb][\/et_pb_image][et_pb_text _builder_version=\u00a0\u00bb4.27.3&Prime; _module_preset=\u00a0\u00bbdefault\u00a0\u00bb header_font_size=\u00a0\u00bb26px\u00a0\u00bb hover_enabled=\u00a0\u00bb0&Prime; global_colors_info=\u00a0\u00bb{}\u00a0\u00bb sticky_enabled=\u00a0\u00bb0&Prime;]<\/p>\n<p><span data-contrast=\"auto\">La porte d&rsquo;entr\u00e9e couverte de la propri\u00e9t\u00e9 Haus Schulenburg est une construction en gr\u00e8s \u00e9labor\u00e9e qui ressemble \u00e0 l&rsquo;un des projets de van de Velde pour un monument \u00e0 Nietzsche qui n&rsquo;a pas \u00e9t\u00e9 r\u00e9alis\u00e9. La porte \u00e0 trois battants en fer forg\u00e9 et rivet\u00e9, la peinture ornementale au pochoir de la vo\u00fbte de la porte, qui est maintenue par des barres de fer suspendues en guise de \u00ab\u00a0plafond Rabitz\u00a0\u00bb, la grande lampe \u00e0 quatre suspensions, le banc devant l&rsquo;entr\u00e9e du b\u00e2timent d&rsquo;habitation du chauffeur et m\u00eame l&rsquo;encadrement g\u00e9om\u00e9trique du sol de l&rsquo;entr\u00e9e ont \u00e9t\u00e9 con\u00e7us et r\u00e9alis\u00e9s par van de Velde comme une unit\u00e9. Il est int\u00e9ressant de voir comment van de Velde trouve un langage formel similaire dans les grandes comme dans les petites choses (porte en fer\/ornement de livre).   <\/span><span data-ccp-props=\"{\"201341983\":0,\"335551550\":6,\"335551620\":6,\"335559739\":160,\"335559740\":259}\"> <\/span><\/p>\n<p>[\/et_pb_text][et_pb_button button_url=\u00a0\u00bb#\u00a0\u00bb button_text=\u00a0\u00bbLire plus\u00a0\u00bb module_class=\u00a0\u00bbreadMoreButton\u00a0\u00bb _builder_version=\u00a0\u00bb4.24.0&Prime; _module_preset=\u00a0\u00bbdefault\u00a0\u00bb global_colors_info=\u00a0\u00bb{}\u00a0\u00bb][\/et_pb_button][et_pb_text module_class=\u00a0\u00bbreadMoreContent\u00a0\u00bb _builder_version=\u00a0\u00bb4.24.0&Prime; _module_preset=\u00a0\u00bbdefault\u00a0\u00bb global_colors_info=\u00a0\u00bb{}\u00a0\u00bb]<\/p>\n<p><span data-contrast=\"auto\">En 1997, le b\u00e2timent \u00e9tait en si mauvais \u00e9tat qu&rsquo;il a \u00e9t\u00e9 question de le d\u00e9molir. Il a toutefois \u00e9t\u00e9 possible de clouer les poutres pourries du plafond, de soulever le plafond et de sauver la coque en b\u00e9ton peinte de mani\u00e8re ornementale.  <\/span><span data-ccp-props=\"{\"201341983\":0,\"335551550\":6,\"335551620\":6,\"335559739\":160,\"335559740\":259}\"> <\/span><\/p>\n<p>[\/et_pb_text][et_pb_button button_url=\u00a0\u00bb#\u00a0\u00bb button_text=\u00a0\u00bbLire moins\u00a0\u00bb module_class=\u00a0\u00bbreadLessButton\u00a0\u00bb _builder_version=\u00a0\u00bb4.24.0&Prime; _module_preset=\u00a0\u00bbdefault\u00a0\u00bb global_colors_info=\u00a0\u00bb{}\u00a0\u00bb][\/et_pb_button][\/et_pb_column][\/et_pb_row][et_pb_row custom_padding_last_edited=\u00a0\u00bbon|desktop\u00a0\u00bb _builder_version=\u00a0\u00bb4.24.0&Prime; _module_preset=\u00a0\u00bbdefault\u00a0\u00bb width_tablet=\u00a0\u00bb\u00a0\u00bb width_phone=\u00a0\u00bb90%\u00a0\u00bb width_last_edited=\u00a0\u00bbon|phone\u00a0\u00bb custom_padding=\u00a0\u00bb0px||0px||false|false\u00a0\u00bb custom_padding_tablet=\u00a0\u00bb0px||0px||false|false\u00a0\u00bb custom_padding_phone=\u00a0\u00bb0px||0px||false|false\u00a0\u00bb locked=\u00a0\u00bboff\u00a0\u00bb global_colors_info=\u00a0\u00bb{}\u00a0\u00bb][et_pb_column type=\u00a0\u00bb4_4&Prime; _builder_version=\u00a0\u00bb4.24.0&Prime; _module_preset=\u00a0\u00bbdefault\u00a0\u00bb global_colors_info=\u00a0\u00bb{}\u00a0\u00bb][et_pb_code _builder_version=\u00a0\u00bb4.24.0&Prime; _module_preset=\u00a0\u00bbdefault\u00a0\u00bb global_colors_info=\u00a0\u00bb{}\u00a0\u00bb] <!-- [et_pb_line_break_holder] -->[\/et_pb_code][\/et_pb_column][\/et_pb_row][\/et_pb_section]<\/p>\n<div class=\"gsp_post_data\" \r\n\t            data-post_type=\"page\" \r\n\t            data-cat=\"\" \r\n\t            data-modified=\"120\"\r\n\t            data-created=\"1727268164\"\r\n\t            data-title=\"Entr\u00e9e du portail\" \r\n\t            data-home=\"https:\/\/haus-schulenburg-gera.de\/fr\/\"><\/div>","protected":false},"excerpt":{"rendered":"<p>[gspeech type=\u00a0\u00bbbutton\u00a0\u00bb]La porte d&rsquo;entr\u00e9e couverte de la propri\u00e9t\u00e9 Haus Schulenburg est une construction en gr\u00e8s \u00e9labor\u00e9e qui ressemble \u00e0 l&rsquo;un des projets de van de Velde pour un monument \u00e0 Nietzsche qui n&rsquo;a pas \u00e9t\u00e9 r\u00e9alis\u00e9. La porte \u00e0 trois battants en fer forg\u00e9 et rivet\u00e9, la peinture ornementale au pochoir de la vo\u00fbte de [&hellip;]<\/p>\n","protected":false},"author":1,"featured_media":0,"parent":3590,"menu_order":0,"comment_status":"closed","ping_status":"closed","template":"","meta":{"_et_pb_use_builder":"on","_et_pb_old_content":"","_et_gb_content_width":"","footnotes":""},"class_list":["post-3599","page","type-page","status-publish","hentry"],"_links":{"self":[{"href":"https:\/\/haus-schulenburg-gera.de\/fr\/wp-json\/wp\/v2\/pages\/3599","targetHints":{"allow":["GET"]}}],"collection":[{"href":"https:\/\/haus-schulenburg-gera.de\/fr\/wp-json\/wp\/v2\/pages"}],"about":[{"href":"https:\/\/haus-schulenburg-gera.de\/fr\/wp-json\/wp\/v2\/types\/page"}],"author":[{"embeddable":true,"href":"https:\/\/haus-schulenburg-gera.de\/fr\/wp-json\/wp\/v2\/users\/1"}],"replies":[{"embeddable":true,"href":"https:\/\/haus-schulenburg-gera.de\/fr\/wp-json\/wp\/v2\/comments?post=3599"}],"version-history":[{"count":11,"href":"https:\/\/haus-schulenburg-gera.de\/fr\/wp-json\/wp\/v2\/pages\/3599\/revisions"}],"predecessor-version":[{"id":5469,"href":"https:\/\/haus-schulenburg-gera.de\/fr\/wp-json\/wp\/v2\/pages\/3599\/revisions\/5469"}],"up":[{"embeddable":true,"href":"https:\/\/haus-schulenburg-gera.de\/fr\/wp-json\/wp\/v2\/pages\/3590"}],"wp:attachment":[{"href":"https:\/\/haus-schulenburg-gera.de\/fr\/wp-json\/wp\/v2\/media?parent=3599"}],"curies":[{"name":"wp","href":"https:\/\/api.w.org\/{rel}","templated":true}]}}